{"id":5137,"date":"2023-11-09T10:29:09","date_gmt":"2023-11-09T09:29:09","guid":{"rendered":"https:\/\/hetek.de\/carriere-postes-vacants\/"},"modified":"2024-08-07T13:49:59","modified_gmt":"2024-08-07T11:49:59","slug":"carriere-postes-vacants","status":"publish","type":"page","link":"https:\/\/hetek.de\/fr\/carriere-postes-vacants\/","title":{"rendered":"Carri\u00e8re &#8211; postes vacants"},"content":{"rendered":"<div class=\"wpb-content-wrapper\"><p>[vc_row][vc_column][\/vc_column][\/vc_row][vc_row][vc_column]\n            <div class=\"accordion\"\n                 id=\"accordion-69f4c754b3325\"><\/div>\n            \n            <div class=\"accordion\"\n                 id=\"accordion-69f4c754b3394\">            <div class=\"card\">\n                <div class=\"card-header\" id=\"heading-69f4c754b33940\" data-toggle=\"collapse\"\n                     data-target=\"#collapse-69f4c754b33940\" aria-expanded=\"false\"\n                     aria-controls=\"collapse-69f4c754b33940\">\n                    <h4>\n                        Directeur adjoint de la production \u00e9lectrique (h\/f)                    <\/h4>\n                <\/div>\n                <div id=\"collapse-69f4c754b33940\" class=\"collapse\"\n                     aria-labelledby=\"heading-69f4c754b33940\"\n                     data-parent=\"#accordion-69f4c754b3394\">\n                    <div class=\"card-body\">Depuis plus de 50 ans, nous sommes un fournisseur mondial couronn\u00e9 de succ\u00e8s de syst\u00e8mes de levage sp\u00e9ciaux pour conteneurs, v\u00e9hicules et modules fonctionnels, ainsi que fabricant d&rsquo;\u00e9l\u00e9vateurs verticaux. Pour atteindre nos objectifs ambitieux, nous avons besoin :  <\/p>\n<ul>\n<li><strong>Le souci de la qualit\u00e9<\/strong>: Car pour nous, la qualit\u00e9 est \u00e0 la fois un crit\u00e8re et un objectif. Seule la qualit\u00e9 nous permet de trouver le chemin vers le client.<\/li>\n<li><strong>Esprit d&rsquo;\u00e9quipe<\/strong>: nos produits sont le r\u00e9sultat d&rsquo;un travail d&rsquo;\u00e9quipe. Le r\u00e9sultat est d&rsquo;autant meilleur que nous travaillons et communiquons ensemble.<\/li>\n<li><strong>Autonomie<\/strong>: libert\u00e9 d&rsquo;action et de d\u00e9cision au sein de l&rsquo;\u00e9quipe &#8211; c&rsquo;est ainsi que l&rsquo;on \u00e9largit son savoir-faire et que l&rsquo;on d\u00e9veloppe son caract\u00e8re.<\/li>\n<li><strong>Responsabilit\u00e9<\/strong>: seul celui qui assume des responsabilit\u00e9s dans son domaine d&rsquo;activit\u00e9 cr\u00e9e l&rsquo;espace n\u00e9cessaire pour optimiser les produits et les processus et pour corriger les erreurs \u00e0 temps.<\/li>\n<\/ul>\n<p>  Cela semble int\u00e9ressant ? Alors, posez votre candidature en tant que  <\/p>\n<h2><strong>Directeur adjoint de la production \u00e9lectrique (h\/f)<\/strong><strong><\/strong><strong><\/strong><\/h2>\n<p>  pour renforcer notre \u00e9quipe d\u00e8s que possible !  <strong>Votre mission :<\/strong><\/p>\n<ul>\n<li>Ex\u00e9cution de t\u00e2ches de fabrication de produits \u00e9lectriques-\u00e9lectroniques<\/li>\n<li>Gestion de projet dans la construction \u00e9lectrique (planification, contr\u00f4le de l&rsquo;avancement)<\/li>\n<li>D\u00e9veloppement de modules \u00e9lectriques\/\u00e9lectroniques, choix des composants et des mat\u00e9riaux<\/li>\n<li>Programmation d&rsquo;automates programmables industriels<\/li>\n<li>Cr\u00e9ation de documentation \u00e9lectrique pour les ordres de fabrication en cours (p. ex. sch\u00e9mas \u00e9lectriques, plans de c\u00e2blage, listes de pi\u00e8ces) et pour les nouveaux projets<\/li>\n<li>Contr\u00f4le de la fabrication pour s&rsquo;assurer du respect des exigences de qualit\u00e9<\/li>\n<li>R\u00e9alisation de la pr\u00e9paration du travail et garantie du flux de mat\u00e9riel, planification des besoins, gestion des donn\u00e9es de base et gestion des stocks des articles \u00e9lectriques dans le syst\u00e8me ERP<\/li>\n<li>Coordonner les processus de travail et les d\u00e9lais<\/li>\n<li>Montages sur site, formations et interventions de service pour les ascenseurs et les syst\u00e8mes de levage en Allemagne et \u00e0 l&rsquo;\u00e9tranger selon les besoins &#8211; ce n&rsquo;est pas la r\u00e8gle.<\/li>\n<li>Suppl\u00e9ance du chef du service \u00e9lectrique<\/li>\n<\/ul>\n<p><strong>Vos comp\u00e9tences<\/strong><\/p>\n<ul>\n<li>Formation de technicien ou de bachelier achev\u00e9e avec succ\u00e8s<\/li>\n<li>Exp\u00e9rience de travail avec un syst\u00e8me ERP et E-Plan souhaitable<\/li>\n<li>Habitu\u00e9 \u00e0 l&rsquo;utilisation des applications MS Office, en particulier Excel<\/li>\n<li>Style de communication coop\u00e9ratif et engageant<\/li>\n<li>M\u00e9thode de travail orient\u00e9e vers les objectifs, autonome, structur\u00e9e et ax\u00e9e sur les r\u00e9sultats<\/li>\n<\/ul>\n<ul><\/ul>\n<p><strong>Notre offre &#8211; votre chance :<\/strong><\/p>\n<ul>\n<li>Un environnement de travail intact, marqu\u00e9 par la reconnaissance et le respect mutuel<\/li>\n<li>Un contexte \u00e9conomique et financier stable<\/li>\n<li>Une r\u00e9mun\u00e9ration \u00e0 la hauteur de vos performances et de votre engagement<\/li>\n<li>Le poste vous offre de la libert\u00e9 et des voies d\u00e9cisionnelles courtes pour concevoir et optimiser les processus dans l&rsquo;atelier \u00e9lectrique.<\/li>\n<\/ul>\n<ul><\/ul>\n<p><strong>Nous avons \u00e9veill\u00e9 votre int\u00e9r\u00eat ?<\/strong>  Dans ce cas, nous nous r\u00e9jouissons de votre prise de contact et de votre dossier de candidature complet et pertinent sous  <a href=\"mailto:personal@hetek.de\">personal@hetek.de<\/a><\/p>\n<hr>\n<h5 style=\"text-align: left;\">HETEK Lift- et Hebetechnik GmbH<\/h5>\n<p>  Service du personnel Unter den Linden 1, 99830 Treffurt T\u00e9l\u00e9phone 036923-53-0<br \/>\np<a href=\"mailto:personal@hetek.de\">ersonal<\/a>@hetek.dewww.hetek.de <\/p>\n<p><a href=\"http:\/\/www.hetek.de\"><\/a>                    <\/div>\n                <\/div>\n            <\/div>\n            <\/div>\n            \n            <div class=\"accordion\"\n                 id=\"accordion-69f4c754b354a\"><\/div>\n            \n            <div class=\"accordion\"\n                 id=\"accordion-69f4c754b358f\">            <div class=\"card\">\n                <div class=\"card-header\" id=\"heading-69f4c754b358f1\" data-toggle=\"collapse\"\n                     data-target=\"#collapse-69f4c754b358f1\" aria-expanded=\"false\"\n                     aria-controls=\"collapse-69f4c754b358f1\">\n                    <h4>\n                        Monteur \u00e9lectricien\/\u00e9lectricien sp\u00e9cialis\u00e9 (h\/f)                    <\/h4>\n                <\/div>\n                <div id=\"collapse-69f4c754b358f1\" class=\"collapse\"\n                     aria-labelledby=\"heading-69f4c754b358f1\"\n                     data-parent=\"#accordion-69f4c754b358f\">\n                    <div class=\"card-body\">Depuis plus de 50 ans, nous sommes un fournisseur mondial couronn\u00e9 de succ\u00e8s de syst\u00e8mes de levage sp\u00e9ciaux pour conteneurs, v\u00e9hicules et modules fonctionnels, ainsi que fabricant d&rsquo;\u00e9l\u00e9vateurs verticaux. Pour atteindre nos objectifs ambitieux, nous avons besoin :  <\/p>\n<ul>\n<li><strong>Le souci de la qualit\u00e9<\/strong>: Car pour nous, la qualit\u00e9 est \u00e0 la fois un crit\u00e8re et un objectif. Seule la qualit\u00e9 nous permet de trouver le chemin vers le client.<\/li>\n<li><strong>Esprit d&rsquo;\u00e9quipe<\/strong>: nos produits sont le r\u00e9sultat d&rsquo;un travail d&rsquo;\u00e9quipe. Le r\u00e9sultat est d&rsquo;autant meilleur que nous travaillons et communiquons ensemble.<\/li>\n<li><strong>Autonomie<\/strong>: libert\u00e9 d&rsquo;action et de d\u00e9cision au sein de l&rsquo;\u00e9quipe &#8211; c&rsquo;est ainsi que l&rsquo;on \u00e9largit son savoir-faire et que l&rsquo;on d\u00e9veloppe son caract\u00e8re.<\/li>\n<li><strong>Responsabilit\u00e9<\/strong>: seul celui qui assume des responsabilit\u00e9s dans son domaine d&rsquo;activit\u00e9 cr\u00e9e l&rsquo;espace n\u00e9cessaire pour optimiser les produits et les processus et pour corriger les erreurs \u00e0 temps.<\/li>\n<\/ul>\n<p>  Cela vous parle ? Alors, postulez imm\u00e9diatement en tant que  <\/p>\n<h3><strong>Monteur \u00e9lectricien\/\u00e9lectricien sp\u00e9cialis\u00e9 (h\/f)<\/strong><strong><\/strong><\/h3>\n<p>  pour renforcer notre \u00e9quipe d\u00e8s que possible.<br \/>\n<strong>Votre mission :<\/strong><\/p>\n<ul>\n<li>montage m\u00e9canique et \u00e9lectrique d&rsquo;armoires \u00e9lectriques et de commandes selon le dessin<\/li>\n<li>C\u00e2blage de l&rsquo;armoire \u00e9lectrique selon les sch\u00e9mas \u00e9lectriques<\/li>\n<\/ul>\n<p><strong>Vos comp\u00e9tences :<\/strong><\/p>\n<ul>\n<li>formation professionnelle achev\u00e9e dans le domaine de l&rsquo;\u00e9lectrotechnique ou comparable<\/li>\n<li>Capacit\u00e9 \u00e0 travailler en \u00e9quipe, grande flexibilit\u00e9<\/li>\n<li>m\u00e9thode de travail autonome, capacit\u00e9 de communication. Capacit\u00e9 de charge<\/li>\n<li>comp\u00e9tences g\u00e9n\u00e9rales en mati\u00e8re de travaux manuels<\/li>\n<\/ul>\n<p><strong>Notre offre &#8211; votre chance :<\/strong><\/p>\n<ul>\n<li>un employeur attractif, dans un secteur d&rsquo;avenir avec des possibilit\u00e9s de d\u00e9veloppement int\u00e9ressantes<\/li>\n<li>des horaires de travail flexibles<\/li>\n<li>Subvention pour la pr\u00e9voyance vieillesse de l&rsquo;entreprise et les frais de garde d&rsquo;enfants<\/li>\n<\/ul>\n<p><strong>Nous avons \u00e9veill\u00e9 votre int\u00e9r\u00eat ?<\/strong>  Dans ce cas, nous nous r\u00e9jouissons de votre prise de contact et de votre dossier de candidature complet et pertinent \u00e0 l&rsquo;adresse suivante  <a href=\"mailto:personal@hetek.de\">personal@hetek.de<\/a><\/p>\n<hr>\n<h5 style=\"text-align: left;\">HETEK Lift- et Hebetechnik GmbH<\/h5>\n<p>  Service du personnel Unter den Linden 1, 99830 Treffurt T\u00e9l\u00e9phone 036923-53-0<br \/>\np<a href=\"mailto:personal@hetek.de\">ersonal<\/a>@hetek.dewww.hetek.de <\/p>\n<p><a href=\"http:\/\/www.hetek.de\"><\/a>                    <\/div>\n                <\/div>\n            <\/div>\n            <\/div>\n            [\/vc_column][\/vc_row][vc_row disable_element=\u00a0\u00bbyes\u00a0\u00bb][vc_column]\n            <div class=\"accordion\"\n                 id=\"accordion-69f4c754b3696\">            <div class=\"card\">\n                <div class=\"card-header\" id=\"heading-69f4c754b36962\" data-toggle=\"collapse\"\n                     data-target=\"#collapse-69f4c754b36962\" aria-expanded=\"false\"\n                     aria-controls=\"collapse-69f4c754b36962\">\n                    <h4>\n                        Constructeur (h\/f)                    <\/h4>\n                <\/div>\n                <div id=\"collapse-69f4c754b36962\" class=\"collapse\"\n                     aria-labelledby=\"heading-69f4c754b36962\"\n                     data-parent=\"#accordion-69f4c754b3696\">\n                    <div class=\"card-body\"><img decoding=\"async\" src=\"https:\/\/hetek.de\/wp-content\/uploads\/2023\/08\/20160208_124209-2-scaled-e1692095175392-768x350.jpg\" alt=\"\" class=\"aligncenter wp-image-4983 \" width=\"799\" height=\"364\" srcset=\"https:\/\/hetek.de\/wp-content\/uploads\/2023\/08\/20160208_124209-2-scaled-e1692095175392-768x350.jpg 768w, https:\/\/hetek.de\/wp-content\/uploads\/2023\/08\/20160208_124209-2-scaled-e1692095175392-1200x547.jpg 1200w, https:\/\/hetek.de\/wp-content\/uploads\/2023\/08\/20160208_124209-2-scaled-e1692095175392-400x182.jpg 400w, https:\/\/hetek.de\/wp-content\/uploads\/2023\/08\/20160208_124209-2-scaled-e1692095175392-1536x700.jpg 1536w, https:\/\/hetek.de\/wp-content\/uploads\/2023\/08\/20160208_124209-2-scaled-e1692095175392-2048x934.jpg 2048w, https:\/\/hetek.de\/wp-content\/uploads\/2023\/08\/20160208_124209-2-scaled-e1692095175392-46x21.jpg 46w, https:\/\/hetek.de\/wp-content\/uploads\/2023\/08\/20160208_124209-2-scaled-e1692095175392-250x114.jpg 250w, https:\/\/hetek.de\/wp-content\/uploads\/2023\/08\/20160208_124209-2-scaled-e1692095175392-550x251.jpg 550w, https:\/\/hetek.de\/wp-content\/uploads\/2023\/08\/20160208_124209-2-scaled-e1692095175392-1920x875.jpg 1920w\" sizes=\"(max-width: 706px) 89vw, (max-width: 767px) 82vw, 740px\" \/><\/p>\n<p>&nbsp;  Depuis plus de 50 ans, nous sommes un fournisseur mondial de syst\u00e8mes de levage sp\u00e9cialis\u00e9s pour les conteneurs, les v\u00e9hicules et les modules fonctionnels, ainsi qu&rsquo;un fabricant d&rsquo;\u00e9l\u00e9vateurs verticaux. Pour atteindre nos objectifs ambitieux, nous avons besoin :  <\/p>\n<ul>\n<li><strong>Le souci de la qualit\u00e9<\/strong>: Car pour nous, la qualit\u00e9 est \u00e0 la fois un crit\u00e8re et un objectif. Seule la qualit\u00e9 nous permet de trouver le chemin vers le client.<\/li>\n<li><strong>Esprit d&rsquo;\u00e9quipe<\/strong>: nos produits sont le r\u00e9sultat d&rsquo;un travail d&rsquo;\u00e9quipe. Le r\u00e9sultat est d&rsquo;autant meilleur que nous travaillons et communiquons ensemble.<\/li>\n<li><strong>Autonomie<\/strong>: libert\u00e9 d&rsquo;action et de d\u00e9cision au sein de l&rsquo;\u00e9quipe &#8211; c&rsquo;est ainsi que l&rsquo;on \u00e9largit son savoir-faire et que l&rsquo;on d\u00e9veloppe son caract\u00e8re.<\/li>\n<li><strong>Responsabilit\u00e9<\/strong>: seul celui qui assume des responsabilit\u00e9s dans son domaine d&rsquo;activit\u00e9 cr\u00e9e l&rsquo;espace n\u00e9cessaire pour optimiser les produits et les processus et pour corriger les erreurs \u00e0 temps.<\/li>\n<\/ul>\n<p>  Ce sont des softskills qui ne vous sont pas \u00e9trang\u00e8res ? Alors, postulez imm\u00e9diatement en tant que  <\/p>\n<h2><strong>Constructeur (h\/f)<\/strong><strong><\/strong><\/h2>\n<p>  pour renforcer notre \u00e9quipe d\u00e8s que possible !  <strong>Votre mission :<\/strong><\/p>\n<ul>\n<li>Suivi des produits et nouvelle conception de syst\u00e8mes de levage de charges<\/li>\n<li>Travaux de d\u00e9veloppement technique li\u00e9s au projet, tels que\n<ul>\n<li>Cr\u00e9ation de dessins d&rsquo;offres, de sous-ensembles et de pi\u00e8ces d\u00e9tach\u00e9es\/de constructions d\u00e9taill\u00e9es\/de listes de pi\u00e8ces<\/li>\n<li>Elaboration et collaboration \u00e0 des documentations techniques (calculs, \u00e9valuations des risques, manuels d&rsquo;utilisation et d&rsquo;entretien, listes de pi\u00e8ces de rechange, etc.)<\/li>\n<\/ul>\n<\/li>\n<li>Conseiller les clients sur les produits existants<\/li>\n<li>Coordination de l&rsquo;ach\u00e8vement des projets de d\u00e9veloppement dans les d\u00e9lais impartis<\/li>\n<li>Planification et conception du d\u00e9roulement du projet<\/li>\n<\/ul>\n<p><strong>Vos qualifications :<\/strong><\/p>\n<ul>\n<li>Bachelor ou master en technique de construction, sp\u00e9cialit\u00e9 construction m\u00e9canique ou<\/li>\n<li>Formation de technicien (h\/f)<\/li>\n<li>Bonne connaissance de l&rsquo;anglais \u00e0 l&rsquo;oral et \u00e0 l&rsquo;\u00e9crit<\/li>\n<li>Connaissances en \u00e9lectrotechnique, en \u00e9lectronique et en gestion d&rsquo;entreprise souhaitables<\/li>\n<li>Exp\u00e9rience avec HICAD et InDesign souhaitable<\/li>\n<li>Utilisation s\u00fbre des applications Microsoft Office<\/li>\n<li>Flexible et polyvalent en fonction des besoins<\/li>\n<li>Orient\u00e9 vers les r\u00e9sultats et les objectifs lors de la mise en \u0153uvre des projets et des t\u00e2ches quotidiennes<\/li>\n<li>M\u00e9thode de travail structur\u00e9e et concentr\u00e9e<\/li>\n<\/ul>\n<p><strong>Notre offre :<\/strong><\/p>\n<ul>\n<li>Un environnement de travail intact, marqu\u00e9 par la reconnaissance et le respect mutuel<\/li>\n<li>une r\u00e9mun\u00e9ration juste et adapt\u00e9e aux prestations<\/li>\n<li>des espaces de libert\u00e9 et des voies d\u00e9cisionnelles courtes pour concevoir et optimiser de mani\u00e8re responsable les processus de d\u00e9veloppement et de production<\/li>\n<li>Des activit\u00e9s passionnantes et vari\u00e9es, notamment gr\u00e2ce au contact avec nos clients dans le monde entier, dans un secteur \u00e0 l&rsquo;abri de la crise.<\/li>\n<li>Horaires de travail flexibles<\/li>\n<li>Subvention pour la pr\u00e9voyance vieillesse de l&rsquo;entreprise et les frais de garde d&rsquo;enfants<\/li>\n<\/ul>\n<p><strong>Nous avons \u00e9veill\u00e9 votre int\u00e9r\u00eat ?<\/strong>  Dans ce cas, nous nous r\u00e9jouissons de votre prise de contact et de votre dossier de candidature complet et pertinent \u00e0 l&rsquo;adresse suivante  <a href=\"mailto:personal@hetek.de\">personal@hetek.de<\/a><\/p>\n<hr>\n<h5 style=\"text-align: left;\">HETEK Lift- et Hebetechnik GmbH<\/h5>\n<p style=\"text-align: left;\">Service du personnel Unter den Linden 1, 99830 Treffurt T\u00e9l\u00e9phone 036923-53-0<a href=\"http:\/\/www.hetek.de\">personal@hetek.dewww.hetek.de<\/a><\/p>\n<p>                    <\/div>\n                <\/div>\n            <\/div>\n            <\/div>\n            \n            <div class=\"accordion\"\n                 id=\"accordion-69f4c754b37b8\">            <div class=\"card\">\n                <div class=\"card-header\" id=\"heading-69f4c754b37b83\" data-toggle=\"collapse\"\n                     data-target=\"#collapse-69f4c754b37b83\" aria-expanded=\"false\"\n                     aria-controls=\"collapse-69f4c754b37b83\">\n                    <h4>\n                        Monteur \u00e9lectricien\/\u00e9lectricien sp\u00e9cialis\u00e9 (h\/f)                    <\/h4>\n                <\/div>\n                <div id=\"collapse-69f4c754b37b83\" class=\"collapse\"\n                     aria-labelledby=\"heading-69f4c754b37b83\"\n                     data-parent=\"#accordion-69f4c754b37b8\">\n                    <div class=\"card-body\">Depuis plus de 50 ans, nous sommes un fournisseur mondial couronn\u00e9 de succ\u00e8s de syst\u00e8mes de levage sp\u00e9ciaux pour conteneurs, v\u00e9hicules et modules fonctionnels, ainsi que fabricant d&rsquo;\u00e9l\u00e9vateurs verticaux. Pour atteindre nos objectifs ambitieux, nous avons besoin :  <\/p>\n<ul>\n<li><strong>Le souci de la qualit\u00e9<\/strong>: Car pour nous, la qualit\u00e9 est \u00e0 la fois un crit\u00e8re et un objectif. Seule la qualit\u00e9 nous permet de trouver le chemin vers le client.<\/li>\n<li><strong>Esprit d&rsquo;\u00e9quipe<\/strong>: nos produits sont le r\u00e9sultat d&rsquo;un travail d&rsquo;\u00e9quipe. Le r\u00e9sultat est d&rsquo;autant meilleur que nous travaillons et communiquons ensemble.<\/li>\n<li><strong>Autonomie<\/strong>: libert\u00e9 d&rsquo;action et de d\u00e9cision au sein de l&rsquo;\u00e9quipe &#8211; c&rsquo;est ainsi que l&rsquo;on \u00e9largit son savoir-faire et que l&rsquo;on d\u00e9veloppe son caract\u00e8re.<\/li>\n<li><strong>Responsabilit\u00e9<\/strong>: seul celui qui assume des responsabilit\u00e9s dans son domaine d&rsquo;activit\u00e9 cr\u00e9e l&rsquo;espace n\u00e9cessaire pour optimiser les produits et les processus et pour corriger les erreurs \u00e0 temps.<\/li>\n<\/ul>\n<p>  Cela vous parle ? Alors, postulez imm\u00e9diatement en tant que  <\/p>\n<h3><strong>Monteur \u00e9lectricien\/\u00e9lectricien sp\u00e9cialis\u00e9 (h\/f)<\/strong><strong><\/strong><\/h3>\n<p>  pour renforcer notre \u00e9quipe d\u00e8s que possible.<br \/>\n<strong>Votre mission :<\/strong><\/p>\n<ul>\n<li>montage m\u00e9canique et \u00e9lectrique d&rsquo;armoires \u00e9lectriques et de commandes selon le dessin<\/li>\n<li>C\u00e2blage de l&rsquo;armoire \u00e9lectrique selon les sch\u00e9mas \u00e9lectriques<\/li>\n<\/ul>\n<p><strong>Vos comp\u00e9tences :<\/strong><\/p>\n<ul>\n<li>formation professionnelle achev\u00e9e dans le domaine de l&rsquo;\u00e9lectrotechnique ou comparable<\/li>\n<li>Capacit\u00e9 \u00e0 travailler en \u00e9quipe, grande flexibilit\u00e9<\/li>\n<li>m\u00e9thode de travail autonome, capacit\u00e9 de communication. Capacit\u00e9 de charge<\/li>\n<li>comp\u00e9tences g\u00e9n\u00e9rales en mati\u00e8re de travaux manuels<\/li>\n<\/ul>\n<p><strong>Notre offre &#8211; votre chance :<\/strong><\/p>\n<ul>\n<li>un employeur attractif, dans un secteur d&rsquo;avenir avec des possibilit\u00e9s de d\u00e9veloppement int\u00e9ressantes<\/li>\n<li>des horaires de travail flexibles<\/li>\n<li>Subvention pour la pr\u00e9voyance vieillesse de l&rsquo;entreprise et les frais de garde d&rsquo;enfants<\/li>\n<\/ul>\n<p><strong>Nous avons \u00e9veill\u00e9 votre int\u00e9r\u00eat ?<\/strong>  Dans ce cas, nous nous r\u00e9jouissons de votre prise de contact et de votre dossier de candidature complet et pertinent sous  <a href=\"mailto:personal@hetek.de\">personal@hetek.de<\/a><\/p>\n<hr>\n<h5 style=\"text-align: left;\">HETEK Lift- et Hebetechnik GmbH<\/h5>\n<p>  Service du personnel Unter den Linden 1, 99830 Treffurt T\u00e9l\u00e9phone 036923-53-0<br \/>\np<a href=\"mailto:personal@hetek.de\">ersonal<\/a>@hetek.dewww.hetek.de <\/p>\n<p><a href=\"http:\/\/www.hetek.de\"><\/a>                    <\/div>\n                <\/div>\n            <\/div>\n            <\/div>\n            \n            <div class=\"accordion\"\n                 id=\"accordion-69f4c754b38af\">            <div class=\"card\">\n                <div class=\"card-header\" id=\"heading-69f4c754b38af4\" data-toggle=\"collapse\"\n                     data-target=\"#collapse-69f4c754b38af4\" aria-expanded=\"false\"\n                     aria-controls=\"collapse-69f4c754b38af4\">\n                    <h4>\n                        Employ\u00e9 de l'assurance qualit\u00e9 (h\/f)                    <\/h4>\n                <\/div>\n                <div id=\"collapse-69f4c754b38af4\" class=\"collapse\"\n                     aria-labelledby=\"heading-69f4c754b38af4\"\n                     data-parent=\"#accordion-69f4c754b38af\">\n                    <div class=\"card-body\">Depuis plus de 50 ans, nous sommes un fournisseur mondial couronn\u00e9 de succ\u00e8s de syst\u00e8mes de levage sp\u00e9ciaux pour conteneurs, v\u00e9hicules et modules fonctionnels, ainsi que fabricant d&rsquo;\u00e9l\u00e9vateurs verticaux. Pour atteindre nos objectifs ambitieux, nous avons besoin :  <\/p>\n<ul>\n<li><strong>Le souci de la qualit\u00e9<\/strong>: Car pour nous, la qualit\u00e9 est \u00e0 la fois un crit\u00e8re et un objectif. Seule la qualit\u00e9 nous permet de trouver le chemin vers le client.<\/li>\n<li><strong>Esprit d&rsquo;\u00e9quipe<\/strong>: nos produits sont le r\u00e9sultat d&rsquo;un travail d&rsquo;\u00e9quipe. Le r\u00e9sultat est d&rsquo;autant meilleur que nous travaillons et communiquons ensemble.<\/li>\n<li><strong>Autonomie<\/strong>: \u00eatre son propre ma\u00eetre au sein d&rsquo;une \u00e9quipe &#8211; c&rsquo;est ainsi que l&rsquo;on \u00e9largit son savoir-faire et son caract\u00e8re.<\/li>\n<li><strong>Responsabilit\u00e9<\/strong>: seul celui qui assume des responsabilit\u00e9s dans son domaine d&rsquo;activit\u00e9 cr\u00e9e l&rsquo;espace n\u00e9cessaire pour optimiser les produits et les processus et pour corriger les erreurs \u00e0 temps.<\/li>\n<\/ul>\n<p>  Ce sont des comp\u00e9tences non techniques qui ne sont pas \u00e9trang\u00e8res ? Alors, posez votre candidature en tant que  <\/p>\n<h3><strong>Employ\u00e9 de l&rsquo;assurance qualit\u00e9 (h\/f)<\/strong><strong><\/strong><\/h3>\n<p>  pour renforcer notre \u00e9quipe d\u00e8s que possible.<br \/>\n<strong>Votre mission :<\/strong><\/p>\n<ul>\n<li>Effectuer toutes les t\u00e2ches relatives \u00e0 l&rsquo;assurance qualit\u00e9 et veiller \u00e0 ce que toutes les t\u00e2ches de travail soient effectu\u00e9es correctement, dans les d\u00e9lais, rapidement et de mani\u00e8re \u00e9conomique.<\/li>\n<li>Assistance dans le domaine commercial pour la mise en \u0153uvre de l&rsquo;am\u00e9lioration continue de la qualit\u00e9 et la stabilisation des processus.<\/li>\n<li>mise en service technique de nos produits \u00e0 l&rsquo;usine, documentation des r\u00e9sultats des essais.<\/li>\n<li>Contr\u00f4les al\u00e9atoires dans le processus de fabrication apr\u00e8s accord.<\/li>\n<\/ul>\n<p><strong>Notre exigence :<\/strong><\/p>\n<ul>\n<li>Formation technique solide (m\u00e9catronicien, m\u00e9canicien de construction ou industriel ou \u00e9quivalent souhaitable) avec une sp\u00e9cialisation en ing\u00e9nierie m\u00e9canique.<\/li>\n<li>Exp\u00e9rience dans le domaine de la qualit\u00e9 souhaitable.<\/li>\n<li>Connaissance des applications MS-Office courantes et des logiciels ERP.<\/li>\n<li>Connaissance des r\u00e9glementations et normes techniques pertinentes, notamment de la directive Machines, souhaitable.<\/li>\n<li>Id\u00e9alement, qualification de sp\u00e9cialiste en soudage.<\/li>\n<li>Une m\u00e9thode de travail structur\u00e9e et concentr\u00e9e.<\/li>\n<li>Connaissances de base de l&rsquo;anglais.<\/li>\n<\/ul>\n<p><strong>Notre offre &#8211; votre chance :<\/strong><\/p>\n<ul>\n<li>Ce poste vous offre de la libert\u00e9 et des voies d\u00e9cisionnelles courtes pour concevoir et optimiser les processus op\u00e9rationnels de mani\u00e8re autonome.<\/li>\n<li>Vous rencontrerez un climat d&rsquo;entreprise coop\u00e9ratif et ouvert.<\/li>\n<li>Le groupe de produits Syst\u00e8mes de levage vous met en contact avec des clients du monde entier.<\/li>\n<li>Nos \u00e9quipements de levage sont des produits importants pour la s\u00e9curit\u00e9, ce qui souligne l&rsquo;importance de l&rsquo;assurance qualit\u00e9 dans notre entreprise.<\/li>\n<li>Nous fabriquons sur commande, ce qui permet de varier les processus de travail.<\/li>\n<li>Un environnement de travail intact, caract\u00e9ris\u00e9 par la reconnaissance et le respect mutuel.<\/li>\n<li>Un contexte \u00e9conomique et financier stable.<\/li>\n<li>Une r\u00e9mun\u00e9ration \u00e0 la hauteur de vos performances et de votre engagement.<\/li>\n<\/ul>\n<p><strong>Nous avons \u00e9veill\u00e9 votre int\u00e9r\u00eat ?<\/strong>  Dans ce cas, nous nous r\u00e9jouissons de votre prise de contact et de votre dossier de candidature complet et pertinent sous  <a href=\"mailto:personal@hetek.de\">personal@hetek.de<\/a><\/p>\n<hr>\n<h5 style=\"text-align: left;\">HETEK Lift- et Hebetechnik GmbH<\/h5>\n<p>  Service du personnel Unter den Linden 1, 99830 Treffurt T\u00e9l\u00e9phone 036923-53-0<br \/>\np<a href=\"mailto:personal@hetek.de\">ersonal<\/a>@hetek.dewww.hetek.de <\/p>\n<p><a href=\"http:\/\/www.hetek.de\"><\/a>                    <\/div>\n                <\/div>\n            <\/div>\n            <\/div>\n            [\/vc_column][\/vc_row][vc_row disable_element=\u00a0\u00bbyes\u00a0\u00bb][vc_column]\n            <div class=\"accordion\"\n                 id=\"accordion-69f4c754b39a7\">            <div class=\"card\">\n                <div class=\"card-header\" id=\"heading-69f4c754b39a75\" data-toggle=\"collapse\"\n                     data-target=\"#collapse-69f4c754b39a75\" aria-expanded=\"false\"\n                     aria-controls=\"collapse-69f4c754b39a75\">\n                    <h4>\n                        Agent de ma\u00eetrise (h\/f) fabrication \/ montage                    <\/h4>\n                <\/div>\n                <div id=\"collapse-69f4c754b39a75\" class=\"collapse\"\n                     aria-labelledby=\"heading-69f4c754b39a75\"\n                     data-parent=\"#accordion-69f4c754b39a7\">\n                    <div class=\"card-body\"><strong>Comp\u00e9tence dans le domaine du levage <\/strong> En nous appuyant sur notre tradition et sur les id\u00e9es de nos collaborateurs, nous avons r\u00e9ussi \u00e0 devenir l&rsquo;un des principaux fournisseurs allemands d&rsquo;\u00e9l\u00e9vateurs verticaux et de syst\u00e8mes de levage pour la logistique sp\u00e9ciale. Afin de r\u00e9pondre aux exigences croissantes, nous recherchons en renfort un  <\/p>\n<h3><strong>Agent de ma\u00eetrise (h\/f) fabrication \/ montage  <\/strong><strong><\/strong><\/h3>\n<p><strong>Notre offre :<\/strong><\/p>\n<ul>\n<li>Un domaine d&rsquo;activit\u00e9 vari\u00e9 et int\u00e9ressant<\/li>\n<li>Travail autonome et vari\u00e9 en \u00e9quipe<\/li>\n<li>Une formation initiale soign\u00e9e &#8211; une formation continue adapt\u00e9e aux besoins<\/li>\n<li>Possibilit\u00e9s de d\u00e9veloppement personnel au sein de l&rsquo;entreprise<\/li>\n<li>R\u00e9mun\u00e9ration adapt\u00e9e \u00e0 la performance &#8211; horaires de travail r\u00e9glement\u00e9s<\/li>\n<li>Hi\u00e9rarchies plates et voies d\u00e9cisionnelles courtes<\/li>\n<\/ul>\n<p><strong>Vos t\u00e2ches :<\/strong><\/p>\n<ul>\n<li>Gestion des secteurs de production avec responsabilit\u00e9 du personnel<\/li>\n<li>Mise en \u0153uvre de la planification des capacit\u00e9s et des d\u00e9lais<\/li>\n<li>Cr\u00e9ation de documents de fabrication<\/li>\n<li>Formation du personnel<\/li>\n<\/ul>\n<p><strong>Vos connaissances :<\/strong><\/p>\n<ul>\n<li>Exp\u00e9rience dans la gestion de collaborateurs<\/li>\n<li>Exp\u00e9rience dans la fabrication d&rsquo;installations sp\u00e9cifiques aux clients<\/li>\n<li>Exp\u00e9rience dans l&rsquo;utilisation de syst\u00e8mes de contr\u00f4le de la production<\/li>\n<\/ul>\n<p><strong>Nos exigences :<\/strong><\/p>\n<ul>\n<li>Dipl\u00f4me d&rsquo;agent de ma\u00eetrise ou de technicien (h\/f) Industrie de transformation des m\u00e9taux<\/li>\n<li>Exp\u00e9rience professionnelle requise<\/li>\n<li>Capacit\u00e9 \u00e0 travailler en \u00e9quipe<\/li>\n<li>Exp\u00e9rience en soudage &#8211; formation de soudeur souhaitable<\/li>\n<\/ul>\n<p>  Un travail exigeant avec une grande responsabilit\u00e9 personnelle et des comp\u00e9tences de conception vous attend dans un environnement de PME g\u00e9r\u00e9 par le propri\u00e9taire.  <strong>Nous avons \u00e9veill\u00e9 votre int\u00e9r\u00eat ?<\/strong>  Dans ce cas, nous nous r\u00e9jouissons de votre prise de contact et de votre dossier de candidature complet et pertinent sous  <a href=\"mailto:personal@hetek.de\">personal@hetek.de<\/a><\/p>\n<hr>\n<h5 style=\"text-align: left;\">HETEK Lift- et Hebetechnik GmbH<\/h5>\n<p>  Service du personnel Unter den Linden 1, 99830 Treffurt T\u00e9l\u00e9phone 036923-53-0<br \/>\np<a href=\"mailto:personal@hetek.de\">ersonal<\/a>@hetek.dewww.hetek.de <\/p>\n<p><a href=\"http:\/\/www.hetek.de\"><\/a>                    <\/div>\n                <\/div>\n            <\/div>\n            <\/div>\n            \n            <div class=\"accordion\"\n                 id=\"accordion-69f4c754b3a77\"><\/div>\n            [\/vc_column][\/vc_row]<\/p>\n<\/div>","protected":false},"excerpt":{"rendered":"<p>[vc_row][vc_column][\/vc_column][\/vc_row][vc_row][vc_column][\/vc_column][\/vc_row][vc_row disable_element=\u00a0\u00bbyes\u00a0\u00bb][vc_column][\/vc_column][\/vc_row][vc_row disable_element=\u00a0\u00bbyes\u00a0\u00bb][vc_column][\/vc_column][\/vc_row]<\/p>\n","protected":false},"author":7,"featured_media":0,"parent":0,"menu_order":0,"comment_status":"closed","ping_status":"closed","template":"","meta":{"_acf_changed":false,"footnotes":""},"class_list":["post-5137","page","type-page","status-publish","hentry"],"acf":[],"yoast_head":"<!-- This site is optimized with the Yoast SEO plugin v27.5 - https:\/\/yoast.com\/product\/yoast-seo-wordpress\/ -->\n<title>Carri\u00e8re - postes vacants - HETEK<\/title>\n<meta name=\"robots\" content=\"index, follow, max-snippet:-1, max-image-preview:large, max-video-preview:-1\" \/>\n<link rel=\"canonical\" href=\"https:\/\/hetek.de\/fr\/carriere-postes-vacants\/\" \/>\n<meta property=\"og:locale\" content=\"fr_FR\" \/>\n<meta property=\"og:type\" content=\"article\" \/>\n<meta property=\"og:title\" content=\"Carri\u00e8re - postes vacants - HETEK\" \/>\n<meta property=\"og:description\" content=\"[vc_row][vc_column][\/vc_column][\/vc_row][vc_row][vc_column][\/vc_column][\/vc_row][vc_row disable_element=\u00a0\u00bbyes\u00a0\u00bb][vc_column][\/vc_column][\/vc_row][vc_row disable_element=\u00a0\u00bbyes\u00a0\u00bb][vc_column][\/vc_column][\/vc_row]\" \/>\n<meta property=\"og:url\" content=\"https:\/\/hetek.de\/fr\/carriere-postes-vacants\/\" \/>\n<meta property=\"og:site_name\" content=\"HETEK\" \/>\n<meta property=\"article:modified_time\" content=\"2024-08-07T11:49:59+00:00\" \/>\n<meta property=\"og:image\" content=\"https:\/\/hetek.de\/wp-content\/uploads\/2023\/08\/20160208_124209-2-scaled-e1692095175392-768x350.jpg\" \/>\n<meta name=\"twitter:card\" content=\"summary_large_image\" \/>\n<meta name=\"twitter:label1\" content=\"Dur\u00e9e de lecture estim\u00e9e\" \/>\n\t<meta name=\"twitter:data1\" content=\"14 minutes\" \/>\n<script type=\"application\/ld+json\" class=\"yoast-schema-graph\">{\"@context\":\"https:\\\/\\\/schema.org\",\"@graph\":[{\"@type\":\"WebPage\",\"@id\":\"https:\\\/\\\/hetek.de\\\/fr\\\/carriere-postes-vacants\\\/\",\"url\":\"https:\\\/\\\/hetek.de\\\/fr\\\/carriere-postes-vacants\\\/\",\"name\":\"Carri\u00e8re - postes vacants - HETEK\",\"isPartOf\":{\"@id\":\"https:\\\/\\\/hetek.de\\\/#website\"},\"primaryImageOfPage\":{\"@id\":\"https:\\\/\\\/hetek.de\\\/fr\\\/carriere-postes-vacants\\\/#primaryimage\"},\"image\":{\"@id\":\"https:\\\/\\\/hetek.de\\\/fr\\\/carriere-postes-vacants\\\/#primaryimage\"},\"thumbnailUrl\":\"https:\\\/\\\/hetek.de\\\/wp-content\\\/uploads\\\/2023\\\/08\\\/20160208_124209-2-scaled-e1692095175392-768x350.jpg\",\"datePublished\":\"2023-11-09T09:29:09+00:00\",\"dateModified\":\"2024-08-07T11:49:59+00:00\",\"breadcrumb\":{\"@id\":\"https:\\\/\\\/hetek.de\\\/fr\\\/carriere-postes-vacants\\\/#breadcrumb\"},\"inLanguage\":\"fr-FR\",\"potentialAction\":[{\"@type\":\"ReadAction\",\"target\":[\"https:\\\/\\\/hetek.de\\\/fr\\\/carriere-postes-vacants\\\/\"]}]},{\"@type\":\"ImageObject\",\"inLanguage\":\"fr-FR\",\"@id\":\"https:\\\/\\\/hetek.de\\\/fr\\\/carriere-postes-vacants\\\/#primaryimage\",\"url\":\"https:\\\/\\\/hetek.de\\\/wp-content\\\/uploads\\\/2023\\\/08\\\/20160208_124209-2-scaled-e1692095175392-768x350.jpg\",\"contentUrl\":\"https:\\\/\\\/hetek.de\\\/wp-content\\\/uploads\\\/2023\\\/08\\\/20160208_124209-2-scaled-e1692095175392-768x350.jpg\"},{\"@type\":\"BreadcrumbList\",\"@id\":\"https:\\\/\\\/hetek.de\\\/fr\\\/carriere-postes-vacants\\\/#breadcrumb\",\"itemListElement\":[{\"@type\":\"ListItem\",\"position\":1,\"name\":\"\",\"item\":\"https:\\\/\\\/hetek.de\\\/fr\\\/\"},{\"@type\":\"ListItem\",\"position\":2,\"name\":\"Carri\u00e8re &#8211; postes vacants\"}]},{\"@type\":\"WebSite\",\"@id\":\"https:\\\/\\\/hetek.de\\\/#website\",\"url\":\"https:\\\/\\\/hetek.de\\\/\",\"name\":\"HETEK\",\"description\":\"Le support s\u00fbr pour votre univers mobile.\",\"potentialAction\":[{\"@type\":\"SearchAction\",\"target\":{\"@type\":\"EntryPoint\",\"urlTemplate\":\"https:\\\/\\\/hetek.de\\\/?s={search_term_string}\"},\"query-input\":{\"@type\":\"PropertyValueSpecification\",\"valueRequired\":true,\"valueName\":\"search_term_string\"}}],\"inLanguage\":\"fr-FR\"}]}<\/script>\n<!-- \/ Yoast SEO plugin. -->","yoast_head_json":{"title":"Carri\u00e8re - postes vacants - HETEK","robots":{"index":"index","follow":"follow","max-snippet":"max-snippet:-1","max-image-preview":"max-image-preview:large","max-video-preview":"max-video-preview:-1"},"canonical":"https:\/\/hetek.de\/fr\/carriere-postes-vacants\/","og_locale":"fr_FR","og_type":"article","og_title":"Carri\u00e8re - postes vacants - HETEK","og_description":"[vc_row][vc_column][\/vc_column][\/vc_row][vc_row][vc_column][\/vc_column][\/vc_row][vc_row disable_element=\u00a0\u00bbyes\u00a0\u00bb][vc_column][\/vc_column][\/vc_row][vc_row disable_element=\u00a0\u00bbyes\u00a0\u00bb][vc_column][\/vc_column][\/vc_row]","og_url":"https:\/\/hetek.de\/fr\/carriere-postes-vacants\/","og_site_name":"HETEK","article_modified_time":"2024-08-07T11:49:59+00:00","og_image":[{"url":"https:\/\/hetek.de\/wp-content\/uploads\/2023\/08\/20160208_124209-2-scaled-e1692095175392-768x350.jpg","type":"","width":"","height":""}],"twitter_card":"summary_large_image","twitter_misc":{"Dur\u00e9e de lecture estim\u00e9e":"14 minutes"},"schema":{"@context":"https:\/\/schema.org","@graph":[{"@type":"WebPage","@id":"https:\/\/hetek.de\/fr\/carriere-postes-vacants\/","url":"https:\/\/hetek.de\/fr\/carriere-postes-vacants\/","name":"Carri\u00e8re - postes vacants - HETEK","isPartOf":{"@id":"https:\/\/hetek.de\/#website"},"primaryImageOfPage":{"@id":"https:\/\/hetek.de\/fr\/carriere-postes-vacants\/#primaryimage"},"image":{"@id":"https:\/\/hetek.de\/fr\/carriere-postes-vacants\/#primaryimage"},"thumbnailUrl":"https:\/\/hetek.de\/wp-content\/uploads\/2023\/08\/20160208_124209-2-scaled-e1692095175392-768x350.jpg","datePublished":"2023-11-09T09:29:09+00:00","dateModified":"2024-08-07T11:49:59+00:00","breadcrumb":{"@id":"https:\/\/hetek.de\/fr\/carriere-postes-vacants\/#breadcrumb"},"inLanguage":"fr-FR","potentialAction":[{"@type":"ReadAction","target":["https:\/\/hetek.de\/fr\/carriere-postes-vacants\/"]}]},{"@type":"ImageObject","inLanguage":"fr-FR","@id":"https:\/\/hetek.de\/fr\/carriere-postes-vacants\/#primaryimage","url":"https:\/\/hetek.de\/wp-content\/uploads\/2023\/08\/20160208_124209-2-scaled-e1692095175392-768x350.jpg","contentUrl":"https:\/\/hetek.de\/wp-content\/uploads\/2023\/08\/20160208_124209-2-scaled-e1692095175392-768x350.jpg"},{"@type":"BreadcrumbList","@id":"https:\/\/hetek.de\/fr\/carriere-postes-vacants\/#breadcrumb","itemListElement":[{"@type":"ListItem","position":1,"name":"","item":"https:\/\/hetek.de\/fr\/"},{"@type":"ListItem","position":2,"name":"Carri\u00e8re &#8211; postes vacants"}]},{"@type":"WebSite","@id":"https:\/\/hetek.de\/#website","url":"https:\/\/hetek.de\/","name":"HETEK","description":"Le support s\u00fbr pour votre univers mobile.","potentialAction":[{"@type":"SearchAction","target":{"@type":"EntryPoint","urlTemplate":"https:\/\/hetek.de\/?s={search_term_string}"},"query-input":{"@type":"PropertyValueSpecification","valueRequired":true,"valueName":"search_term_string"}}],"inLanguage":"fr-FR"}]}},"_links":{"self":[{"href":"https:\/\/hetek.de\/fr\/wp-json\/wp\/v2\/pages\/5137","targetHints":{"allow":["GET"]}}],"collection":[{"href":"https:\/\/hetek.de\/fr\/wp-json\/wp\/v2\/pages"}],"about":[{"href":"https:\/\/hetek.de\/fr\/wp-json\/wp\/v2\/types\/page"}],"author":[{"embeddable":true,"href":"https:\/\/hetek.de\/fr\/wp-json\/wp\/v2\/users\/7"}],"replies":[{"embeddable":true,"href":"https:\/\/hetek.de\/fr\/wp-json\/wp\/v2\/comments?post=5137"}],"version-history":[{"count":0,"href":"https:\/\/hetek.de\/fr\/wp-json\/wp\/v2\/pages\/5137\/revisions"}],"wp:attachment":[{"href":"https:\/\/hetek.de\/fr\/wp-json\/wp\/v2\/media?parent=5137"}],"curies":[{"name":"wp","href":"https:\/\/api.w.org\/{rel}","templated":true}]}}