{"id":5593,"date":"2023-12-11T16:36:52","date_gmt":"2023-12-11T15:36:52","guid":{"rendered":"https:\/\/hetek.de\/polityka-prywatnosci\/"},"modified":"2025-01-02T08:58:25","modified_gmt":"2025-01-02T07:58:25","slug":"polityka-prywatnosci","status":"publish","type":"page","link":"https:\/\/hetek.de\/pl\/polityka-prywatnosci\/","title":{"rendered":"Polityka prywatno\u015bci"},"content":{"rendered":"<h1>Datenschutz \/ Datenschutzerkl\u00e4rung<\/h1>\n<p>Den Schutz Ihrer Privatsph\u00e4re sowie Ihre personenbezogenen Daten nehmen wir sehr ernst. Wir verarbeiten diese Daten daher in \u00dcbereinstimmung mit dem Inhalt dieser Datenschutzerkl\u00e4rung sowie der Datenschutzgrundverordnung (DSGVO).<\/p>\n<p>Mit dieser Datenschutzerkl\u00e4rung m\u00f6chten wir Sie dr\u00fcber informieren, welche personenbezogenen Daten wie \u00fcber Sie verarbeiten, ebenso zu welchem Zweck dies geschieht und auf welcher rechtlichen Grundlage die Verarbeitung erlaubt ist.<\/p>\n<p>Verantwortliche Stelle im Sinne der Datenschutzgesetze, insbesondere der EU-Datenschutzgrundverordnung (DSGVO), ist:<br \/>\nHETEK Lift- und Hebetechnik GmbH<\/p>\n<h3>Ihre Betroffenenrechte<\/h3>\n<p>Unter den angegebenen Kontaktdaten unseres Datenschutzbeauftragten k\u00f6nnen Sie jederzeit folgende Rechte aus\u00fcben:<\/p>\n<p>Auskunft \u00fcber Ihre bei uns gespeicherten Daten und deren Verarbeitung,<br \/>\nBerichtigung unrichtiger personenbezogener Daten,<br \/>\nL\u00f6schung Ihrer bei uns gespeicherten Daten,<br \/>\nEinschr\u00e4nkung der Datenverarbeitung, sofern wir Ihre Daten aufgrund gesetzlicher Pflichten noch nicht l\u00f6schen d\u00fcrfen,<br \/>\nWiderspruch gegen die Verarbeitung Ihrer Daten bei uns und<br \/>\nDaten\u00fcbertragbarkeit, sofern Sie in die Datenverarbeitung eingewilligt haben oder einen Vertrag mit uns abgeschlossen haben.<br \/>\nSofern Sie uns eine Einwilligung erteilt haben, k\u00f6nnen Sie diese jederzeit mit Wirkung f\u00fcr die Zukunft widerrufen.<\/p>\n<p>Sie k\u00f6nnen sich jederzeit mit einer Beschwerde an die f\u00fcr Sie zust\u00e4ndige Aufsichtsbeh\u00f6rde wenden. Ihre zust\u00e4ndige Aufsichtsbeh\u00f6rde richtet sich nach dem Bundesland Ihres Wohnsitzes, Ihrer Arbeit oder der mutma\u00dflichen Verletzung. Eine Liste der Aufsichtsbeh\u00f6rden (f\u00fcr den nicht\u00f6ffentlichen Bereich) mit Anschrift finden Sie unter: https:\/\/www.bfdi.bund.de\/DE\/Infothek\/Anschriften_Links\/anschriften_links-node.html.<\/p>\n<p>Zwecke der Datenverarbeitung durch die verantwortliche Stelle und Dritte<\/p>\n<p>Wir verarbeiten Ihre personenbezogenen Daten nur zu den in dieser Datenschutzerkl\u00e4rung genannten Zwecken. Eine \u00dcbermittlung Ihrer pers\u00f6nlichen Daten an Dritte zu anderen als den genannten Zwecken findet nicht statt. Wir geben Ihre pers\u00f6nlichen Daten nur an Dritte weiter, wenn:<\/p>\n<p>Sie Ihre ausdr\u00fcckliche Einwilligung dazu erteilt haben,<br \/>\ndie Verarbeitung zur Abwicklung eines Vertrags mit Ihnen erforderlich ist,<br \/>\ndie Verarbeitung zur Erf\u00fcllung einer rechtlichen Verpflichtung erforderlich ist,<br \/>\ndie Verarbeitung zur Wahrung berechtigter Interessen erforderlich ist<br \/>\nund kein Grund zur Annahme besteht, dass Sie ein \u00fcberwiegendes schutzw\u00fcrdiges Interesse an der Nichtweitergabe Ihrer Daten haben.<\/p>\n<h3>SSL-Verschl\u00fcsselung<\/h3>\n<p>Um die Sicherheit Ihrer Daten bei der \u00dcbertragung zu sch\u00fctzen, verwenden wir dem aktuellen Stand der Technik entsprechende Verschl\u00fcsselungsverfahren (z. B. SSL) \u00fcber HTTPS.<\/p>\n<h3>Newsletter<\/h3>\n<p>Auf Grundlage Ihrer ausdr\u00fccklich erteilten Einwilligung, \u00fcbersenden wir Ihnen regelm\u00e4\u00dfig unseren Newsletter bzw. vergleichbare Informationen per E-Mail an Ihre angegebene E-Mail-Adresse.<\/p>\n<p>F\u00fcr den Empfang des Newsletters ist die Angabe Ihrer E-Mail-Adresse ausreichend. Bei der Anmeldung zum Bezug unseres Newsletters werden die von Ihnen angegebenen Daten ausschlie\u00dflich f\u00fcr diesen Zweck verwendet. Abonnenten k\u00f6nnen auch \u00fcber Umst\u00e4nde per E-Mail informiert werden, die f\u00fcr den Dienst oder die Registrierung relevant sind (Beispielsweise \u00c4nderungen des Newsletterangebots oder technische Gegebenheiten).<\/p>\n<p>F\u00fcr eine wirksame Registrierung ben\u00f6tigen wir eine valide E-Mail-Adresse. Um zu \u00fcberpr\u00fcfen, dass eine Anmeldung tats\u00e4chlich durch den Inhaber einer E-Mail-Adresse erfolgt, setzen wir das \u201eDouble-opt-in\u201c-Verfahren ein. Hierzu protokollieren wir die Bestellung des Newsletters, den Versand einer Best\u00e4tigungsmail und den Eingang der hiermit angeforderten Antwort. Weitere Daten werden nicht erhoben. Die Daten werden ausschlie\u00dflich f\u00fcr den Newsletterversand verwendet und nicht an Dritte weitergegeben.<\/p>\n<p>Die Einwilligung zur Speicherung Ihrer pers\u00f6nlichen Daten und ihrer Nutzung f\u00fcr den Newsletterversand k\u00f6nnen Sie jederzeit widerrufen. In jedem Newsletter findet sich dazu ein entsprechender Link. Au\u00dferdem k\u00f6nnen Sie sich jederzeit auch direkt auf dieser Webseite abmelden oder uns Ihren entsprechenden Wunsch \u00fcber die am Ende dieser Datenschutzhinweise angegebene Kontaktm\u00f6glichkeit mitteilen.<\/p>\n<h3>Kontaktformular<\/h3>\n<p>Treten Sie bzgl. Fragen jeglicher Art per E-Mail oder Kontaktformular mit uns in Kontakt, erteilen Sie uns zum Zwecke der Kontaktaufnahme Ihre freiwillige Einwilligung. Hierf\u00fcr ist die Angabe einer validen E-Mail-Adresse erforderlich. Diese dient der Zuordnung der Anfrage und der anschlie\u00dfenden Beantwortung derselben. Die Angabe weiterer Daten ist optional. Die von Ihnen gemachten Angaben werden zum Zwecke der Bearbeitung der Anfrage sowie f\u00fcr m\u00f6gliche Anschlussfragen gespeichert. Nach Erledigung der von Ihnen gestellten Anfrage werden personenbezogene Daten automatisch gel\u00f6scht.<\/p>\n<h3>\u00c4nderung unserer Datenschutzbestimmungen<\/h3>\n<p>Wir behalten uns vor, diese Datenschutzerkl\u00e4rung anzupassen, damit sie stets den aktuellen rechtlichen Anforderungen entspricht oder um \u00c4nderungen unserer Leistungen in der Datenschutzerkl\u00e4rung umzusetzen, z.B. bei der Einf\u00fchrung neuer Services. F\u00fcr Ihren erneuten Besuch gilt dann die neue Datenschutzerkl\u00e4rung.<\/p>\n<h3>Fragen an den Datenschutzbeauftragten<\/h3>\n<p>Wenn Sie Fragen zum Datenschutz haben, schreiben Sie uns bitte eine E-Mail oder wenden Sie sich direkt an die f\u00fcr den Datenschutz verantwortliche Person in unserer Organisation:<\/p>\n<p>datenschutz(at)gfp24.de<\/p>\n<p>Nils Gustke<br \/>\nGesellschaft f\u00fcr Personaldienstleistungen mbH<br \/>\nEinrichtung der Handels- und Dienstleistungsverb\u00e4nde<br \/>\nPestalozzistr. 27<br \/>\nD-34119 Kassel<\/p>\n<p>Die Datenschutzerkl\u00e4rung wurde mit dem Datenschutzerkl\u00e4rungs-Generator der activeMind AG erstellt.<\/p>\n<p>Stand dieser Datenschutzerkl\u00e4rung: Januar 2025<\/p>\n","protected":false},"excerpt":{"rendered":"<p>Datenschutz \/ Datenschutzerkl\u00e4rung Den Schutz Ihrer Privatsph\u00e4re sowie Ihre personenbezogenen Daten nehmen wir sehr ernst. Wir verarbeiten diese Daten daher in \u00dcbereinstimmung mit dem Inhalt dieser Datenschutzerkl\u00e4rung sowie der Datenschutzgrundverordnung (DSGVO). Mit dieser Datenschutzerkl\u00e4rung m\u00f6chten wir Sie dr\u00fcber informieren, welche personenbezogenen Daten wie \u00fcber Sie verarbeiten, ebenso zu welchem Zweck dies geschieht und auf welcher<\/p>\n","protected":false},"author":1,"featured_media":0,"parent":0,"menu_order":0,"comment_status":"closed","ping_status":"open","template":"","meta":{"_acf_changed":false,"footnotes":""},"class_list":["post-5593","page","type-page","status-publish","hentry"],"acf":[],"yoast_head":"<!-- This site is optimized with the Yoast SEO plugin v27.4 - https:\/\/yoast.com\/product\/yoast-seo-wordpress\/ -->\n<title>Polityka prywatno\u015bci - HETEK<\/title>\n<meta name=\"robots\" content=\"index, follow, max-snippet:-1, max-image-preview:large, max-video-preview:-1\" \/>\n<link rel=\"canonical\" href=\"https:\/\/hetek.de\/pl\/polityka-prywatnosci\/\" \/>\n<meta property=\"og:locale\" content=\"pl_PL\" \/>\n<meta property=\"og:type\" content=\"article\" \/>\n<meta property=\"og:title\" content=\"Polityka prywatno\u015bci - HETEK\" \/>\n<meta property=\"og:description\" content=\"Datenschutz \/ Datenschutzerkl\u00e4rung Den Schutz Ihrer Privatsph\u00e4re sowie Ihre personenbezogenen Daten nehmen wir sehr ernst. Wir verarbeiten diese Daten daher in \u00dcbereinstimmung mit dem Inhalt dieser Datenschutzerkl\u00e4rung sowie der Datenschutzgrundverordnung (DSGVO). Mit dieser Datenschutzerkl\u00e4rung m\u00f6chten wir Sie dr\u00fcber informieren, welche personenbezogenen Daten wie \u00fcber Sie verarbeiten, ebenso zu welchem Zweck dies geschieht und auf welcher\" \/>\n<meta property=\"og:url\" content=\"https:\/\/hetek.de\/pl\/polityka-prywatnosci\/\" \/>\n<meta property=\"og:site_name\" content=\"HETEK\" \/>\n<meta property=\"article:modified_time\" content=\"2025-01-02T07:58:25+00:00\" \/>\n<meta name=\"twitter:card\" content=\"summary_large_image\" \/>\n<meta name=\"twitter:label1\" content=\"Szacowany czas czytania\" \/>\n\t<meta name=\"twitter:data1\" content=\"4 minuty\" \/>\n<script type=\"application\/ld+json\" class=\"yoast-schema-graph\">{\"@context\":\"https:\\\/\\\/schema.org\",\"@graph\":[{\"@type\":\"WebPage\",\"@id\":\"https:\\\/\\\/hetek.de\\\/pl\\\/polityka-prywatnosci\\\/\",\"url\":\"https:\\\/\\\/hetek.de\\\/pl\\\/polityka-prywatnosci\\\/\",\"name\":\"Polityka prywatno\u015bci - HETEK\",\"isPartOf\":{\"@id\":\"https:\\\/\\\/hetek.de\\\/#website\"},\"datePublished\":\"2023-12-11T15:36:52+00:00\",\"dateModified\":\"2025-01-02T07:58:25+00:00\",\"breadcrumb\":{\"@id\":\"https:\\\/\\\/hetek.de\\\/pl\\\/polityka-prywatnosci\\\/#breadcrumb\"},\"inLanguage\":\"pl-PL\",\"potentialAction\":[{\"@type\":\"ReadAction\",\"target\":[\"https:\\\/\\\/hetek.de\\\/pl\\\/polityka-prywatnosci\\\/\"]}]},{\"@type\":\"BreadcrumbList\",\"@id\":\"https:\\\/\\\/hetek.de\\\/pl\\\/polityka-prywatnosci\\\/#breadcrumb\",\"itemListElement\":[{\"@type\":\"ListItem\",\"position\":1,\"name\":\"\",\"item\":\"https:\\\/\\\/hetek.de\\\/pl\\\/\"},{\"@type\":\"ListItem\",\"position\":2,\"name\":\"Polityka prywatno\u015bci\"}]},{\"@type\":\"WebSite\",\"@id\":\"https:\\\/\\\/hetek.de\\\/#website\",\"url\":\"https:\\\/\\\/hetek.de\\\/\",\"name\":\"HETEK\",\"description\":\"Bezpieczna podstawa dla mobilnego \u015bwiata.\",\"potentialAction\":[{\"@type\":\"SearchAction\",\"target\":{\"@type\":\"EntryPoint\",\"urlTemplate\":\"https:\\\/\\\/hetek.de\\\/?s={search_term_string}\"},\"query-input\":{\"@type\":\"PropertyValueSpecification\",\"valueRequired\":true,\"valueName\":\"search_term_string\"}}],\"inLanguage\":\"pl-PL\"}]}<\/script>\n<!-- \/ Yoast SEO plugin. -->","yoast_head_json":{"title":"Polityka prywatno\u015bci - HETEK","robots":{"index":"index","follow":"follow","max-snippet":"max-snippet:-1","max-image-preview":"max-image-preview:large","max-video-preview":"max-video-preview:-1"},"canonical":"https:\/\/hetek.de\/pl\/polityka-prywatnosci\/","og_locale":"pl_PL","og_type":"article","og_title":"Polityka prywatno\u015bci - HETEK","og_description":"Datenschutz \/ Datenschutzerkl\u00e4rung Den Schutz Ihrer Privatsph\u00e4re sowie Ihre personenbezogenen Daten nehmen wir sehr ernst. Wir verarbeiten diese Daten daher in \u00dcbereinstimmung mit dem Inhalt dieser Datenschutzerkl\u00e4rung sowie der Datenschutzgrundverordnung (DSGVO). Mit dieser Datenschutzerkl\u00e4rung m\u00f6chten wir Sie dr\u00fcber informieren, welche personenbezogenen Daten wie \u00fcber Sie verarbeiten, ebenso zu welchem Zweck dies geschieht und auf welcher","og_url":"https:\/\/hetek.de\/pl\/polityka-prywatnosci\/","og_site_name":"HETEK","article_modified_time":"2025-01-02T07:58:25+00:00","twitter_card":"summary_large_image","twitter_misc":{"Szacowany czas czytania":"4 minuty"},"schema":{"@context":"https:\/\/schema.org","@graph":[{"@type":"WebPage","@id":"https:\/\/hetek.de\/pl\/polityka-prywatnosci\/","url":"https:\/\/hetek.de\/pl\/polityka-prywatnosci\/","name":"Polityka prywatno\u015bci - HETEK","isPartOf":{"@id":"https:\/\/hetek.de\/#website"},"datePublished":"2023-12-11T15:36:52+00:00","dateModified":"2025-01-02T07:58:25+00:00","breadcrumb":{"@id":"https:\/\/hetek.de\/pl\/polityka-prywatnosci\/#breadcrumb"},"inLanguage":"pl-PL","potentialAction":[{"@type":"ReadAction","target":["https:\/\/hetek.de\/pl\/polityka-prywatnosci\/"]}]},{"@type":"BreadcrumbList","@id":"https:\/\/hetek.de\/pl\/polityka-prywatnosci\/#breadcrumb","itemListElement":[{"@type":"ListItem","position":1,"name":"","item":"https:\/\/hetek.de\/pl\/"},{"@type":"ListItem","position":2,"name":"Polityka prywatno\u015bci"}]},{"@type":"WebSite","@id":"https:\/\/hetek.de\/#website","url":"https:\/\/hetek.de\/","name":"HETEK","description":"Bezpieczna podstawa dla mobilnego \u015bwiata.","potentialAction":[{"@type":"SearchAction","target":{"@type":"EntryPoint","urlTemplate":"https:\/\/hetek.de\/?s={search_term_string}"},"query-input":{"@type":"PropertyValueSpecification","valueRequired":true,"valueName":"search_term_string"}}],"inLanguage":"pl-PL"}]}},"_links":{"self":[{"href":"https:\/\/hetek.de\/pl\/wp-json\/wp\/v2\/pages\/5593","targetHints":{"allow":["GET"]}}],"collection":[{"href":"https:\/\/hetek.de\/pl\/wp-json\/wp\/v2\/pages"}],"about":[{"href":"https:\/\/hetek.de\/pl\/wp-json\/wp\/v2\/types\/page"}],"author":[{"embeddable":true,"href":"https:\/\/hetek.de\/pl\/wp-json\/wp\/v2\/users\/1"}],"replies":[{"embeddable":true,"href":"https:\/\/hetek.de\/pl\/wp-json\/wp\/v2\/comments?post=5593"}],"version-history":[{"count":5,"href":"https:\/\/hetek.de\/pl\/wp-json\/wp\/v2\/pages\/5593\/revisions"}],"predecessor-version":[{"id":7031,"href":"https:\/\/hetek.de\/pl\/wp-json\/wp\/v2\/pages\/5593\/revisions\/7031"}],"wp:attachment":[{"href":"https:\/\/hetek.de\/pl\/wp-json\/wp\/v2\/media?parent=5593"}],"curies":[{"name":"wp","href":"https:\/\/api.w.org\/{rel}","templated":true}]}}